{"id":1794,"date":"2024-10-03T15:54:20","date_gmt":"2024-10-03T13:54:20","guid":{"rendered":"https:\/\/koloroweraki.pl\/?page_id=1794"},"modified":"2024-10-03T16:36:07","modified_gmt":"2024-10-03T14:36:07","slug":"grupa-na-fb","status":"publish","type":"page","link":"https:\/\/koloroweraki.pl\/index.php\/grupa-na-fb\/","title":{"rendered":"GRUPA NA FB"},"content":{"rendered":"<p>Na FB, opr\u00f3cz <a href=\"https:\/\/www.facebook.com\/koloroweraki\/\" target=\"_blank\" rel=\"noopener\">g\u0142\u00f3wnego profilu Fundacji Kolorowe raki<\/a> (kt\u00f3ry pierwotnie powsta\u0142 jako blog Agaty Wiklik-Szczeblewskiej &#8211; obecnej prezes fundacji), prowadzimy r\u00f3wnie\u017c <span style=\"color: #339966;\"><a style=\"color: #339966;\" href=\"https:\/\/www.facebook.com\/groups\/koloroweraki\" target=\"_blank\" rel=\"noopener\"><strong>GRUP\u0118<\/strong> <strong>Kolorowe raki<\/strong><\/a><span style=\"color: #000000;\">.<br \/>\n<\/span><\/span><\/p>\n<p>To miejsce, w kt\u00f3rym polecamy r\u00f3\u017cne wydarzenia, szkolenia, wyk\u0142ady lub artyku\u0142y, kt\u00f3re mog\u0105 by\u0107 pomocne w kolorowym przej\u015bciu przez leczenie onkologiczne. Publikujemy tam informacje o inicjatywach, produktach, us\u0142ugach wielu innych organizacji, przedsi\u0119biorstw, wydawnictw, os\u00f3b prywatnych \u2013 uwa\u017camy, \u017ce warto wsp\u00f3\u0142pracowa\u0107 w zakresie pomocy pacjentom i ich bliskim i wzajemnie promowa\u0107 warto\u015bciowe tre\u015bci.<\/p>\n<p>Do 10. wrze\u015bnia 2024r. grupa by\u0142a prowadzona przez indywidualn\u0105 osob\u0119; po tej dacie sta\u0142a si\u0119 w\u0142asno\u015bci\u0105 Fundacji Kolorowe raki.<\/p>\n<p>Niekt\u00f3re wpisy na grupie mog\u0105 by\u0107 odebrane jako o charakterze reklamowym, ale zastrzegamy, \u017ce Fundacja Kolorowe raki nie czerpie z nich zysk\u00f3w finansowych, a poleca wy\u0142\u0105cznie produkty czy us\u0142ugi, co do kt\u00f3rych dzia\u0142ania jest przekonana.<\/p>\n<p><strong>Aby wej\u015b\u0107 na grup\u0119, kliknij w grafik\u0119 poni\u017cej:<\/strong><\/p>\n<p><a href=\"https:\/\/www.facebook.com\/groups\/koloroweraki\" target=\"_blank\" rel=\"noopener\"><img loading=\"lazy\" class=\"alignnone wp-image-1795\" src=\"https:\/\/koloroweraki.pl\/wp-content\/uploads\/2024\/10\/napis-bez-ramki.jpg\" alt=\"\" width=\"407\" height=\"181\" srcset=\"https:\/\/koloroweraki.pl\/wp-content\/uploads\/2024\/10\/napis-bez-ramki.jpg 1848w, https:\/\/koloroweraki.pl\/wp-content\/uploads\/2024\/10\/napis-bez-ramki-300x133.jpg 300w, https:\/\/koloroweraki.pl\/wp-content\/uploads\/2024\/10\/napis-bez-ramki-1024x455.jpg 1024w, https:\/\/koloroweraki.pl\/wp-content\/uploads\/2024\/10\/napis-bez-ramki-768x342.jpg 768w, https:\/\/koloroweraki.pl\/wp-content\/uploads\/2024\/10\/napis-bez-ramki-1536x683.jpg 1536w\" sizes=\"(max-width: 407px) 100vw, 407px\" \/><\/a><\/p>\n","protected":false},"excerpt":{"rendered":"<p>Na FB, opr\u00f3cz g\u0142\u00f3wnego profilu Fundacji Kolorowe raki (kt\u00f3ry pierwotnie powsta\u0142 jako blog Agaty Wiklik-Szczeblewskiej &#8211; obecnej prezes fundacji), prowadzimy r\u00f3wnie\u017c GRUP\u0118 Kolorowe raki. To miejsce, w kt\u00f3rym polecamy r\u00f3\u017cne wydarzenia, szkolenia, wyk\u0142ady lub artyku\u0142y, kt\u00f3re mog\u0105 by\u0107 pomocne w kolorowym przej\u015bciu przez leczenie onkologiczne. Publikujemy tam informacje o inicjatywach, produktach, us\u0142ugach wielu innych organizacji, &hellip; <\/p>\n<p class=\"link-more\"><a href=\"https:\/\/koloroweraki.pl\/index.php\/grupa-na-fb\/\" class=\"more-link\">Czytaj dalej<span class=\"screen-reader-text\"> GRUPA NA FB<\/span><\/a><\/p>\n","protected":false},"author":1,"featured_media":0,"parent":0,"menu_order":0,"comment_status":"closed","ping_status":"closed","template":"","meta":[],"_links":{"self":[{"href":"https:\/\/koloroweraki.pl\/index.php\/wp-json\/wp\/v2\/pages\/1794"}],"collection":[{"href":"https:\/\/koloroweraki.pl\/index.php\/wp-json\/wp\/v2\/pages"}],"about":[{"href":"https:\/\/koloroweraki.pl\/index.php\/wp-json\/wp\/v2\/types\/page"}],"author":[{"embeddable":true,"href":"https:\/\/koloroweraki.pl\/index.php\/wp-json\/wp\/v2\/users\/1"}],"replies":[{"embeddable":true,"href":"https:\/\/koloroweraki.pl\/index.php\/wp-json\/wp\/v2\/comments?post=1794"}],"version-history":[{"count":3,"href":"https:\/\/koloroweraki.pl\/index.php\/wp-json\/wp\/v2\/pages\/1794\/revisions"}],"predecessor-version":[{"id":1803,"href":"https:\/\/koloroweraki.pl\/index.php\/wp-json\/wp\/v2\/pages\/1794\/revisions\/1803"}],"wp:attachment":[{"href":"https:\/\/koloroweraki.pl\/index.php\/wp-json\/wp\/v2\/media?parent=1794"}],"curies":[{"name":"wp","href":"https:\/\/api.w.org\/{rel}","templated":true}]}}